{"id":785,"date":"2021-05-08T19:54:32","date_gmt":"2021-05-08T16:54:32","guid":{"rendered":"http:\/\/turkiyedeebeveynlik.sabanciuniv.edu\/?page_id=785"},"modified":"2021-05-23T14:11:52","modified_gmt":"2021-05-23T11:11:52","slug":"katkida-bulunmus-proje-asistanlari","status":"publish","type":"page","link":"https:\/\/turkiyedeebeveynlik.sabanciuniv.edu\/?page_id=785","title":{"rendered":"Katk\u0131da Bulunmu\u015f Proje Asistanlar\u0131"},"content":{"rendered":"\n<div class=\"wp-block-columns\">\n<div class=\"wp-block-column is-vertically-aligned-top\" style=\"flex-basis:33.33%\">\n<div class=\"wp-block-image is-style-box-shadow\"><figure class=\"aligncenter size-large is-resized\"><img loading=\"lazy\" src=\"https:\/\/turkiyedeebeveynlik.sabanciuniv.edu\/wp-content\/uploads\/2021\/05\/fotograf-edited-1.jpg\" alt=\"\" class=\"wp-image-789\" width=\"223\" height=\"223\" srcset=\"https:\/\/turkiyedeebeveynlik.sabanciuniv.edu\/wp-content\/uploads\/2021\/05\/fotograf-edited-1.jpg 1706w, https:\/\/turkiyedeebeveynlik.sabanciuniv.edu\/wp-content\/uploads\/2021\/05\/fotograf-edited-1-300x300.jpg 300w, https:\/\/turkiyedeebeveynlik.sabanciuniv.edu\/wp-content\/uploads\/2021\/05\/fotograf-edited-1-1020x1024.jpg 1020w, https:\/\/turkiyedeebeveynlik.sabanciuniv.edu\/wp-content\/uploads\/2021\/05\/fotograf-edited-1-150x150.jpg 150w, https:\/\/turkiyedeebeveynlik.sabanciuniv.edu\/wp-content\/uploads\/2021\/05\/fotograf-edited-1-768x771.jpg 768w, https:\/\/turkiyedeebeveynlik.sabanciuniv.edu\/wp-content\/uploads\/2021\/05\/fotograf-edited-1-1531x1536.jpg 1531w, https:\/\/turkiyedeebeveynlik.sabanciuniv.edu\/wp-content\/uploads\/2021\/05\/fotograf-edited-1-60x60.jpg 60w\" sizes=\"(max-width: 223px) 100vw, 223px\" \/><\/figure><\/div>\n<\/div>\n\n\n\n<div class=\"wp-block-column is-vertically-aligned-center\" style=\"flex-basis:66.66%\">\n<h4>Sarper Erin\u00e7 Akt\u00fcrk<\/h4>\n\n\n\n<p class=\"has-normal-font-size\">Lisans derecesini ODT\u00dc \u0130\u015fletme B\u00f6l\u00fcm\u00fc&#8217;nden ald\u0131ktan sonra ayn\u0131 \u00fcniversitenin Sosyoloji B\u00f6l\u00fcm\u00fc Sosyal Antropoloji Program\u0131&#8217;ndan y\u00fcksek lisans derecesini ald\u0131. \u00c7e\u015fitli ulusal ve uluslararas\u0131 \u00f6l\u00e7ekte akademik ara\u015ft\u0131rmalarda \u00e7al\u0131\u015ft\u0131, uluslararas\u0131 \u00f6rg\u00fctlerin proje d\u00f6ng\u00fcs\u00fc y\u00f6netimi ve izleme\/de\u011ferlendirme e\u011fitimlerine kat\u0131ld\u0131. H\u00e2len ODT\u00dc Sosyoloji B\u00f6\u00fcm\u00fc&#8217;nde doktora \u00e7al\u0131\u015fmalar\u0131na devam etmektedir. \u00c7al\u0131\u015fma alanlar\u0131 aras\u0131nda erkekler  ve erkeklikler, gen\u00e7lik ve yoksulluk bulunmaktad\u0131r.<\/p>\n<\/div>\n<\/div>\n\n\n\n<div class=\"wp-block-columns\">\n<div class=\"wp-block-column is-vertically-aligned-top\" style=\"flex-basis:33.33%\">\n<div class=\"wp-block-image is-style-box-shadow\"><figure class=\"aligncenter size-large is-resized\"><img loading=\"lazy\" src=\"https:\/\/turkiyedeebeveynlik.sabanciuniv.edu\/wp-content\/uploads\/2021\/05\/ekin-bozkurt-1016x1024.jpeg\" alt=\"\" class=\"wp-image-815\" width=\"223\" height=\"224\" srcset=\"https:\/\/turkiyedeebeveynlik.sabanciuniv.edu\/wp-content\/uploads\/2021\/05\/ekin-bozkurt-1016x1024.jpeg 1016w, https:\/\/turkiyedeebeveynlik.sabanciuniv.edu\/wp-content\/uploads\/2021\/05\/ekin-bozkurt-298x300.jpeg 298w, https:\/\/turkiyedeebeveynlik.sabanciuniv.edu\/wp-content\/uploads\/2021\/05\/ekin-bozkurt-150x150.jpeg 150w, https:\/\/turkiyedeebeveynlik.sabanciuniv.edu\/wp-content\/uploads\/2021\/05\/ekin-bozkurt-768x774.jpeg 768w, https:\/\/turkiyedeebeveynlik.sabanciuniv.edu\/wp-content\/uploads\/2021\/05\/ekin-bozkurt-1524x1536.jpeg 1524w, https:\/\/turkiyedeebeveynlik.sabanciuniv.edu\/wp-content\/uploads\/2021\/05\/ekin-bozkurt-60x60.jpeg 60w, https:\/\/turkiyedeebeveynlik.sabanciuniv.edu\/wp-content\/uploads\/2021\/05\/ekin-bozkurt.jpeg 1587w\" sizes=\"(max-width: 223px) 100vw, 223px\" \/><\/figure><\/div>\n<\/div>\n\n\n\n<div class=\"wp-block-column is-vertically-aligned-center\" style=\"flex-basis:66.66%\">\n<h4>Ekin Bozkurt<\/h4>\n\n\n\n<p class=\"has-normal-font-size\">Lisans derecesini ODT\u00dc Sosyoloji B\u00f6l\u00fcm\u00fcnden Siyaset Bilimi ve Kamu Y\u00f6netimi B\u00f6l\u00fcm\u00fcndeki Yandal Program\u0131n\u0131 tamamlayarak 2015 y\u0131l\u0131nda alm\u0131\u015ft\u0131r. E\u011fiminin bir d\u00f6nemini \u0130ngiltere&#8217;de bulunan Southampton \u00dcniversitesinde ge\u00e7irmi\u015ftir. Y\u00fcksek lisans derecesini Prof. Dr. Umut Be\u015fp\u0131nar dan\u0131\u015fmanl\u0131\u011f\u0131nda gen\u00e7lik sosyolojisi alan\u0131nda y\u00fcr\u00fctt\u00fc\u011f\u00fc tez \u00e7al\u0131\u015fmas\u0131 ile ODT\u00dc Sosyoloji B\u00f6l\u00fcm\u00fcnden alm\u0131\u015ft\u0131r. ODT\u00dc Sosyoloji b\u00f6l\u00fcm\u00fcnde doktora \u00e7al\u0131\u015fmalar\u0131na devam etmektedir. \u00c7al\u0131\u015fma alanlar\u0131 aras\u0131nda gen\u00e7lik, \u00e7al\u0131\u015fma, e\u011fitim sosyolojisi ve toplumsal e\u015fitsizlikler yer almaktad\u0131r.<\/p>\n<\/div>\n<\/div>\n\n\n\n<div class=\"wp-block-columns\">\n<div class=\"wp-block-column is-vertically-aligned-top\" style=\"flex-basis:33.33%\">\n<div class=\"wp-block-image is-style-box-shadow\"><figure class=\"aligncenter size-large is-resized\"><img loading=\"lazy\" src=\"http:\/\/turkiyedeebeveynlik.sabanciuniv.edu\/wp-content\/uploads\/2021\/04\/Beliz-Korkut-edited-3-1022x1024.jpeg\" alt=\"\" class=\"wp-image-613\" width=\"226\" height=\"226\" srcset=\"https:\/\/turkiyedeebeveynlik.sabanciuniv.edu\/wp-content\/uploads\/2021\/04\/Beliz-Korkut-edited-3-1022x1024.jpeg 1022w, https:\/\/turkiyedeebeveynlik.sabanciuniv.edu\/wp-content\/uploads\/2021\/04\/Beliz-Korkut-edited-3-300x300.jpeg 300w, https:\/\/turkiyedeebeveynlik.sabanciuniv.edu\/wp-content\/uploads\/2021\/04\/Beliz-Korkut-edited-3-150x150.jpeg 150w, https:\/\/turkiyedeebeveynlik.sabanciuniv.edu\/wp-content\/uploads\/2021\/04\/Beliz-Korkut-edited-3-768x769.jpeg 768w, https:\/\/turkiyedeebeveynlik.sabanciuniv.edu\/wp-content\/uploads\/2021\/04\/Beliz-Korkut-edited-3-60x60.jpeg 60w, https:\/\/turkiyedeebeveynlik.sabanciuniv.edu\/wp-content\/uploads\/2021\/04\/Beliz-Korkut-edited-3.jpeg 1120w\" sizes=\"(max-width: 226px) 100vw, 226px\" \/><\/figure><\/div>\n<\/div>\n\n\n\n<div class=\"wp-block-column is-vertically-aligned-center\" style=\"flex-basis:66.66%\">\n<h4>Beliz Korkut<\/h4>\n\n\n\n<p class=\"has-normal-font-size\">2015 y\u0131l\u0131nda \u0130stanbul \u015eehir \u00dcniversitesi Psikoloji B\u00f6l\u00fcm\u00fc\u2019nden mezun olmu\u015ftur. \u00d6zye\u011fin \u00dcniversitesi\u2019ndeki Uygulamal\u0131 Geli\u015fim Psikolojisi y\u00fcksek lisans program\u0131n\u0131 anne, \u00e7ocuk ve \u00e7evresel fakt\u00f6rlerin \u00e7ocuklar\u0131n davran\u0131\u015fsal problemlerine etkisini ara\u015ft\u0131ran tezi ile tamamlam\u0131\u015ft\u0131r. E\u011fitim hayat\u0131na Bo\u011fazi\u00e7i \u00dcniversitesi Psikolojik Bilimler doktora program\u0131nda Geli\u015fim Psikolojisi alan\u0131nda devam etmektedir. \u0130lgi alanlar\u0131 erken \u00e7ocukluk d\u00f6neminde sosyo-duygusal geli\u015fim, anne-\u00e7ocuk ili\u015fkisi, \u00e7ocuk davran\u0131\u015f\u0131n\u0131\/geli\u015fimini etkileyen\/\u015fekillendiren fakt\u00f6rlerdir.<\/p>\n<\/div>\n<\/div>\n\n\n\n<div class=\"wp-block-columns\">\n<div class=\"wp-block-column\" style=\"flex-basis:33.33%\">\n<div class=\"wp-block-image is-style-box-shadow\"><figure class=\"aligncenter size-large\"><img loading=\"lazy\" width=\"222\" height=\"222\" src=\"https:\/\/turkiyedeebeveynlik.sabanciuniv.edu\/wp-content\/uploads\/2021\/05\/Hazal-Oztekin-1.jpeg\" alt=\"\" class=\"wp-image-899\" srcset=\"https:\/\/turkiyedeebeveynlik.sabanciuniv.edu\/wp-content\/uploads\/2021\/05\/Hazal-Oztekin-1.jpeg 222w, https:\/\/turkiyedeebeveynlik.sabanciuniv.edu\/wp-content\/uploads\/2021\/05\/Hazal-Oztekin-1-150x150.jpeg 150w, https:\/\/turkiyedeebeveynlik.sabanciuniv.edu\/wp-content\/uploads\/2021\/05\/Hazal-Oztekin-1-60x60.jpeg 60w\" sizes=\"(max-width: 222px) 100vw, 222px\" \/><\/figure><\/div>\n<\/div>\n\n\n\n<div class=\"wp-block-column\" style=\"flex-basis:66.66%\">\n<h4>Hazal \u00d6ztekin<\/h4>\n\n\n\n<p class=\"has-normal-font-size\">2016 y\u0131l\u0131nda Bilkent \u00dcniversitesi Psikoloji b\u00f6l\u00fcm\u00fcnden mezun olmu\u015ftur. Yuksek lisans derecesini 2019 y\u0131l\u0131nda, Do\u00e7. Dr. Emre Sel\u00e7uk dan\u0131\u015fmanl\u0131\u011f\u0131nda, Orta Do\u011fu Teknik \u00dcniversitesi Geli\u015fim Psikolojisi alan\u0131nda tamamlam\u0131\u015ft\u0131r. Yuksek lisans tezinde romantik ili\u015fkilerde anksiyete ve k\u0131skan\u00e7l\u0131k \u00fczerine \u00e7al\u0131\u015fm\u0131\u015ft\u0131r. \u015eu anda Amsterdam merkezli, uyku \u00fczerine m\u00fcdahale programlar\u0131 geli\u015ftirmekte olan bir \u015firkette ara\u015ft\u0131rmac\u0131 olarak \u00e7al\u0131\u015fmaktad\u0131r.<\/p>\n<\/div>\n<\/div>\n\n\n\n<div class=\"wp-block-columns\">\n<div class=\"wp-block-column is-vertically-aligned-top\" style=\"flex-basis:33.33%\">\n<div class=\"wp-block-image is-style-box-shadow\"><figure class=\"aligncenter size-large\"><img loading=\"lazy\" width=\"222\" height=\"222\" src=\"http:\/\/turkiyedeebeveynlik.sabanciuniv.edu\/wp-content\/uploads\/2021\/05\/WhatsApp-Image-2021-05-06-at-19.28.01-8.jpeg\" alt=\"\" class=\"wp-image-671\" srcset=\"https:\/\/turkiyedeebeveynlik.sabanciuniv.edu\/wp-content\/uploads\/2021\/05\/WhatsApp-Image-2021-05-06-at-19.28.01-8.jpeg 222w, https:\/\/turkiyedeebeveynlik.sabanciuniv.edu\/wp-content\/uploads\/2021\/05\/WhatsApp-Image-2021-05-06-at-19.28.01-8-150x150.jpeg 150w, https:\/\/turkiyedeebeveynlik.sabanciuniv.edu\/wp-content\/uploads\/2021\/05\/WhatsApp-Image-2021-05-06-at-19.28.01-8-60x60.jpeg 60w\" sizes=\"(max-width: 222px) 100vw, 222px\" \/><\/figure><\/div>\n<\/div>\n\n\n\n<div class=\"wp-block-column is-vertically-aligned-center\" style=\"flex-basis:66.66%\">\n<h4>Bahar T\u00fcmer<\/h4>\n\n\n\n<p class=\"has-normal-font-size\">2017 y\u0131l\u0131nda ODT\u00dc Psikoloji b\u00f6l\u00fcm\u00fcnden mezun olarak lisans e\u011fitimini tamamlam\u0131\u015ft\u0131r. Lisans e\u011fitiminde 1 y\u0131l s\u00fcreyle geli\u015fim psikolojisi laboratuvar\u0131nda asistanl\u0131k yapm\u0131\u015ft\u0131r. Y\u00fcksek lisans e\u011fitimine ODT\u00dc Sosyal Psikoloji alan\u0131nda ba\u015flam\u0131\u015ft\u0131r. Y\u00fcksek lisans tez \u00e7al\u0131\u015fmalar\u0131n\u0131 Do\u00e7. Dr. Ba\u015fak \u015eahin Acar dan\u0131\u015fmanl\u0131\u011f\u0131nda ve Prof. Dr. Nebi S\u00fcmer e\u015f dan\u0131\u015fmanl\u0131\u011f\u0131nda y\u00fcr\u00fctm\u00fc\u015ft\u00fcr. Bu kapsam\u0131nda T\u00fcrkiye\u2019de Ebeveynlik Ara\u015ft\u0131rma Projesi\u2019nin ilk a\u015famas\u0131nda toplanan verileri kullanm\u0131\u015f ve \u201cErken ve Orta \u00c7ocukluk D\u00f6neminde \u00c7ocu\u011fu Olan T\u00fcrkiyeli Ebeveynlerde Anne ve Baban\u0131n Kontrol Davran\u0131\u015f\u0131n\u0131n Nitel \u0130ncelenmesi\u201d ba\u015fl\u0131kl\u0131 tezini ba\u015far\u0131yla savunarak mezun olmu\u015ftur. Doktora e\u011fitimine Eyl\u00fcl ay\u0131nda Bo\u011fazi\u00e7i \u00dcniversitesi\u2019nde devam edecektir.<\/p>\n<\/div>\n<\/div>\n\n\n\n<div class=\"wp-block-columns\">\n<div class=\"wp-block-column is-vertically-aligned-top\" style=\"flex-basis:33.33%\">\n<div class=\"wp-block-image is-style-box-shadow\"><figure class=\"aligncenter size-large\"><img loading=\"lazy\" width=\"222\" height=\"222\" src=\"http:\/\/turkiyedeebeveynlik.sabanciuniv.edu\/wp-content\/uploads\/2021\/05\/duygu-yildiz.jpeg\" alt=\"\" class=\"wp-image-735\" srcset=\"https:\/\/turkiyedeebeveynlik.sabanciuniv.edu\/wp-content\/uploads\/2021\/05\/duygu-yildiz.jpeg 222w, https:\/\/turkiyedeebeveynlik.sabanciuniv.edu\/wp-content\/uploads\/2021\/05\/duygu-yildiz-150x150.jpeg 150w, https:\/\/turkiyedeebeveynlik.sabanciuniv.edu\/wp-content\/uploads\/2021\/05\/duygu-yildiz-60x60.jpeg 60w\" sizes=\"(max-width: 222px) 100vw, 222px\" \/><\/figure><\/div>\n<\/div>\n\n\n\n<div class=\"wp-block-column is-vertically-aligned-center\" style=\"flex-basis:66.66%\">\n<h4>Duygu Y\u0131ld\u0131z<\/h4>\n\n\n\n<p class=\"has-normal-font-size\">2017 y\u0131l\u0131nda Bo\u011fazi\u00e7i \u00dcniversitesi Psikoloji b\u00f6l\u00fcm\u00fcnden mezun olmu\u015ftur. Ard\u0131ndan, yine Bo\u011fazi\u00e7i \u00dcniversitesi\u2019nde Klinik Psikoloji y\u00fcksek lisans\u0131n\u0131, Prof. Dr. Feyza \u00c7orap\u00e7\u0131 dan\u0131\u015fmanl\u0131\u011f\u0131nda ebeveyn zihinselle\u015ftirme kapasitesi ve ebeveyn duyarl\u0131l\u0131\u011f\u0131 aras\u0131ndaki ili\u015fkiyi ele ald\u0131\u011f\u0131 tezi ile tamamlam\u0131\u015ft\u0131r. Halen, yeti\u015fkinlerle psikodinamik psikoterapi \u00e7al\u0131\u015fmalar\u0131 yapmaktad\u0131r. Akademik ilgi alanlar\u0131 aras\u0131nda zihinselle\u015ftirme, ebeveynlik tutumlar\u0131 ve ba\u011flanma konular\u0131 yer almaktad\u0131r.<\/p>\n<\/div>\n<\/div>\n","protected":false},"excerpt":{"rendered":"<p>Daha \u00f6nce projemizde g\u00f6rev alm\u0131\u015f proje asistanlar\u0131n\u0131 bu sayfada g\u00f6rebilirsiniz.<\/p>\n","protected":false},"author":1,"featured_media":544,"parent":0,"menu_order":0,"comment_status":"closed","ping_status":"closed","template":"","meta":[],"categories":[20],"tags":[12],"_links":{"self":[{"href":"https:\/\/turkiyedeebeveynlik.sabanciuniv.edu\/index.php?rest_route=\/wp\/v2\/pages\/785"}],"collection":[{"href":"https:\/\/turkiyedeebeveynlik.sabanciuniv.edu\/index.php?rest_route=\/wp\/v2\/pages"}],"about":[{"href":"https:\/\/turkiyedeebeveynlik.sabanciuniv.edu\/index.php?rest_route=\/wp\/v2\/types\/page"}],"author":[{"embeddable":true,"href":"https:\/\/turkiyedeebeveynlik.sabanciuniv.edu\/index.php?rest_route=\/wp\/v2\/users\/1"}],"replies":[{"embeddable":true,"href":"https:\/\/turkiyedeebeveynlik.sabanciuniv.edu\/index.php?rest_route=%2Fwp%2Fv2%2Fcomments&post=785"}],"version-history":[{"count":10,"href":"https:\/\/turkiyedeebeveynlik.sabanciuniv.edu\/index.php?rest_route=\/wp\/v2\/pages\/785\/revisions"}],"predecessor-version":[{"id":905,"href":"https:\/\/turkiyedeebeveynlik.sabanciuniv.edu\/index.php?rest_route=\/wp\/v2\/pages\/785\/revisions\/905"}],"wp:featuredmedia":[{"embeddable":true,"href":"https:\/\/turkiyedeebeveynlik.sabanciuniv.edu\/index.php?rest_route=\/wp\/v2\/media\/544"}],"wp:attachment":[{"href":"https:\/\/turkiyedeebeveynlik.sabanciuniv.edu\/index.php?rest_route=%2Fwp%2Fv2%2Fmedia&parent=785"}],"wp:term":[{"taxonomy":"category","embeddable":true,"href":"https:\/\/turkiyedeebeveynlik.sabanciuniv.edu\/index.php?rest_route=%2Fwp%2Fv2%2Fcategories&post=785"},{"taxonomy":"post_tag","embeddable":true,"href":"https:\/\/turkiyedeebeveynlik.sabanciuniv.edu\/index.php?rest_route=%2Fwp%2Fv2%2Ftags&post=785"}],"curies":[{"name":"wp","href":"https:\/\/api.w.org\/{rel}","templated":true}]}}