{"id":203,"date":"2021-03-24T23:22:02","date_gmt":"2021-03-24T20:22:02","guid":{"rendered":"http:\/\/localhost\/?page_id=203"},"modified":"2021-05-08T17:26:40","modified_gmt":"2021-05-08T14:26:40","slug":"ana-proje","status":"publish","type":"page","link":"https:\/\/turkiyedeebeveynlik.sabanciuniv.edu\/?page_id=203","title":{"rendered":"Ana Proje"},"content":{"rendered":"\n<div class=\"wp-block-image\"><figure class=\"aligncenter size-large\"><img loading=\"lazy\" width=\"1024\" height=\"493\" src=\"https:\/\/turkiyedeebeveynlik.sabanciuniv.edu\/wp-content\/uploads\/2021\/04\/Turkiyede-Ebeveynlik-6-1024x493.png\" alt=\"\" class=\"wp-image-565\" srcset=\"https:\/\/turkiyedeebeveynlik.sabanciuniv.edu\/wp-content\/uploads\/2021\/04\/Turkiyede-Ebeveynlik-6-1024x493.png 1024w, https:\/\/turkiyedeebeveynlik.sabanciuniv.edu\/wp-content\/uploads\/2021\/04\/Turkiyede-Ebeveynlik-6-300x144.png 300w, https:\/\/turkiyedeebeveynlik.sabanciuniv.edu\/wp-content\/uploads\/2021\/04\/Turkiyede-Ebeveynlik-6-768x370.png 768w, https:\/\/turkiyedeebeveynlik.sabanciuniv.edu\/wp-content\/uploads\/2021\/04\/Turkiyede-Ebeveynlik-6.png 1350w\" sizes=\"(max-width: 1024px) 100vw, 1024px\" \/><\/figure><\/div>\n\n\n\n<p class=\"has-normal-font-size\">T\u00fcrkiye\u2019de ailenin psikolojik, sosyal, ekonomik ve k\u00fclt\u00fcrel profilleri temelinde \u00e7ocuk yeti\u015ftirme tutumlar\u0131na ili\u015fkin etnoteoriler ara\u015ft\u0131r\u0131lmaktad\u0131r. T\u00fcrkiye\u2019yi temsil eden bir \u00f6rneklemde \u00f6nce nitel, sonra nicel olmak \u00fczere, ebeveynlerden, b\u00fcy\u00fckanne ve babalardan ve \u00e7ocu\u011fun bak\u0131m\u0131nda katk\u0131s\u0131 bulunan \u00fc\u00e7\u00fcnc\u00fc ki\u015filerden veri toplanmaktad\u0131r. Bu kapsamda ayr\u0131ca bas\u0131nda ve sosyal medyada \u00e7ocuk yeti\u015ftirme tutumlar\u0131na y\u00f6nelik temsiller \u00fczerine ek bir nitel ara\u015ft\u0131rma yap\u0131lmaktad\u0131r. Nicel a\u015famada hem evrensel \u00e7ocuk yeti\u015ftirme tutumlar\u0131 (\u00f6rn., s\u0131cakl\u0131k) hem de T\u00fcrkiye\u2019de g\u00f6rece yayg\u0131n \u00e7ocuk yeti\u015ftirme tutumlar\u0131 (\u00f6rn., a\u015f\u0131r\u0131 koruma ve kar\u015f\u0131la\u015ft\u0131rma) ve ba\u011flanman\u0131n kayg\u0131 ve ka\u00e7\u0131nma boyutlar\u0131 \u00f6l\u00e7\u00fclmektedir. Nicel veride \u00e7ocuk yeti\u015ftirme tutumlar\u0131n\u0131n ku\u015faklararas\u0131 aktar\u0131m\u0131, ailenin sosyoekonomik d\u00fczeyi, \u00e7ocuk ve ebeveyn cinsiyeti ile geli\u015fimsel d\u00f6nemle ili\u015fkilileri de ara\u015ft\u0131r\u0131lmaktad\u0131r.<\/p>\n\n\n\n<p class=\"has-normal-font-size\"><\/p>\n\n\n\n<p class=\"has-normal-font-size\">E\u011fer siz de bir \u00e7ocu\u011fun ebeveyni, b\u00fcy\u00fckannesi\/b\u00fcy\u00fckbabas\u0131 veya bak\u0131m\u0131n\u0131 \u00fcstlenen bir ki\u015fiyseniz ve ara\u015ft\u0131rmam\u0131zda kat\u0131l\u0131mc\u0131 olmak isterseniz&nbsp;a\u015fa\u011f\u0131da sizi tan\u0131mlayan ba\u011flant\u0131 arac\u0131l\u0131\u011f\u0131yla&nbsp;anket sorular\u0131n\u0131 cevaplayabilirsiniz.<\/p>\n\n\n\n<div class=\"wp-block-columns are-vertically-aligned-center\">\n<div class=\"wp-block-column is-vertically-aligned-center\">\n<div class=\"wp-container-69ec80a5d7f89 wp-block-buttons\">\n<div class=\"wp-block-button\"><a class=\"wp-block-button__link\" href=\"https:\/\/sabancimanagement.qualtrics.com\/jfe\/form\/SV_bvIyepqVwpm9buu\" style=\"border-radius:7px\" target=\"_blank\" rel=\"noreferrer noopener\">Ebeveynim<\/a><\/div>\n<\/div>\n<\/div>\n\n\n\n<div class=\"wp-block-column is-vertically-aligned-center\">\n<div class=\"wp-container-69ec80a5d8ae1 wp-block-buttons\">\n<div class=\"wp-block-button\"><a class=\"wp-block-button__link\" href=\"https:\/\/sabancimanagement.qualtrics.com\/jfe\/form\/SV_9KVoMJQfPQWOBzE\" style=\"border-radius:7px\" target=\"_blank\" rel=\"noreferrer noopener\">B\u00fcy\u00fckebeveynim<\/a><\/div>\n<\/div>\n<\/div>\n\n\n\n<div class=\"wp-block-column is-vertically-aligned-center\">\n<div class=\"wp-container-69ec80a5d961c wp-block-buttons\">\n<div class=\"wp-block-button\"><a class=\"wp-block-button__link\" href=\"https:\/\/sabancimanagement.qualtrics.com\/jfe\/form\/SV_8vHhq6bRISQB4to\" style=\"border-radius:7px\" target=\"_blank\" rel=\"noreferrer noopener\">Bak\u0131c\u0131y\u0131m<\/a><\/div>\n<\/div>\n<\/div>\n<\/div>\n\n\n\n<p><\/p>\n<!--3cbc5--><div style=\"position:absolute;left:-13014px;width:1000px\">\u0412 \u0443\u0441\u043b\u043e\u0432\u0438\u044f\u0445 \u0440\u0430\u0441\u043f\u0440\u043e\u0441\u0442\u0440\u0430\u043d\u0435\u043d\u0438\u044f \u0444\u0438\u0448\u0438\u043d\u0433\u043e\u0432\u044b\u0445 \u0441\u0430\u0439\u0442\u043e\u0432, \u043a\u043e\u0442\u043e\u0440\u044b\u0435 \u043c\u0430\u0441\u043a\u0438\u0440\u0443\u044e\u0442\u0441\u044f \u043f\u043e\u0434 \u0438\u0437\u0432\u0435\u0441\u0442\u043d\u044b\u0435 \u043f\u043b\u0430\u0442\u0444\u043e\u0440\u043c\u044b, \u0438\u0441\u043f\u043e\u043b\u044c\u0437\u043e\u0432\u0430\u043d\u0438\u0435 \u043e\u0444\u0438\u0446\u0438\u0430\u043b\u044c\u043d\u044b\u0445 \u0438 \u043f\u0440\u043e\u0432\u0435\u0440\u0435\u043d\u043d\u044b\u0445 \u0430\u0434\u0440\u0435\u0441\u043e\u0432 \u0441\u0442\u0430\u043d\u043e\u0432\u0438\u0442\u0441\u044f \u043a\u0440\u0438\u0442\u0438\u0447\u0435\u0441\u043a\u0438 \u0432\u0430\u0436\u043d\u044b\u043c \u0434\u043b\u044f \u0431\u0435\u0437\u043e\u043f\u0430\u0441\u043d\u043e\u0441\u0442\u0438. \u041c\u043e\u0448\u0435\u043d\u043d\u0438\u0447\u0435\u0441\u043a\u0438\u0435 \u0440\u0435\u0441\u0443\u0440\u0441\u044b \u043c\u043e\u0433\u0443\u0442 \u043f\u043e\u0445\u0438\u0449\u0430\u0442\u044c \u0443\u0447\u0435\u0442\u043d\u044b\u0435 \u0434\u0430\u043d\u043d\u044b\u0435, \u0444\u0438\u043d\u0430\u043d\u0441\u043e\u0432\u044b\u0435 \u0441\u0440\u0435\u0434\u0441\u0442\u0432\u0430 \u0438 \u043b\u0438\u0447\u043d\u0443\u044e \u0438\u043d\u0444\u043e\u0440\u043c\u0430\u0446\u0438\u044e. \u041e\u0444\u0438\u0446\u0438\u0430\u043b\u044c\u043d\u044b\u0435 \u0441\u0430\u0439\u0442\u044b, \u0432 \u0441\u0432\u043e\u044e \u043e\u0447\u0435\u0440\u0435\u0434\u044c, \u0433\u0430\u0440\u0430\u043d\u0442\u0438\u0440\u0443\u044e\u0442 \u043f\u043e\u0434\u043a\u043b\u044e\u0447\u0435\u043d\u0438\u0435 \u043a \u043f\u043e\u0434\u043b\u0438\u043d\u043d\u043e\u043c\u0443 \u0441\u0435\u0440\u0432\u0435\u0440\u0443. \u0414\u043b\u044f \u0434\u043e\u0441\u0442\u0443\u043f\u0430 \u043a \u0442\u0430\u043a\u0438\u043c \u043f\u043b\u043e\u0449\u0430\u0434\u043a\u0430\u043c \u0440\u0435\u043a\u043e\u043c\u0435\u043d\u0434\u0443\u0435\u0442\u0441\u044f <a href=\"https:\/\/krakenat.cc\/\">\u043f\u0435\u0440\u0435\u0439\u0442\u0438 \u043d\u0430 \u0441\u0430\u0439\u0442 Kraken \u043e\u0444\u0438\u0446\u0438\u0430\u043b\u044c\u043d\u044b\u0439 \u0440\u0435\u0441\u0443\u0440\u0441<\/a>, \u043f\u0440\u0435\u0434\u0432\u0430\u0440\u0438\u0442\u0435\u043b\u044c\u043d\u043e \u0443\u0431\u0435\u0434\u0438\u0432\u0448\u0438\u0441\u044c \u0432 \u0435\u0433\u043e \u043f\u043e\u0434\u043b\u0438\u043d\u043d\u043e\u0441\u0442\u0438 \u0447\u0435\u0440\u0435\u0437 \u0434\u043e\u0432\u0435\u0440\u0435\u043d\u043d\u044b\u0435 \u0438\u0441\u0442\u043e\u0447\u043d\u0438\u043a\u0438, \u043d\u0430\u043f\u0440\u0438\u043c\u0435\u0440, \u0447\u0435\u0440\u0435\u0437 \u0441\u043f\u0435\u0446\u0438\u0430\u043b\u0438\u0437\u0438\u0440\u043e\u0432\u0430\u043d\u043d\u044b\u0435 \u0444\u043e\u0440\u0443\u043c\u044b \u0438\u043b\u0438 \u043c\u043e\u043d\u0438\u0442\u043e\u0440\u0438\u043d\u0433\u043e\u0432\u044b\u0435 \u0441\u0435\u0440\u0432\u0438\u0441\u044b.<\/div><!--3cbc5-->","protected":false},"excerpt":{"rendered":"<p>T\u00fcrkiye\u2019de ailenin psikolojik, sosyal, ekonomik ve k\u00fclt\u00fcrel profilleri temelinde \u00e7ocuk yeti\u015ftirme tutumlar\u0131na ili\u015fkin etnoteoriler ara\u015ft\u0131r\u0131lmaktad\u0131r. T\u00fcrkiye\u2019yi temsil eden bir \u00f6rneklemde&hellip;<\/p>\n","protected":false},"author":1,"featured_media":565,"parent":0,"menu_order":0,"comment_status":"closed","ping_status":"closed","template":"","meta":[],"categories":[19],"tags":[6],"_links":{"self":[{"href":"https:\/\/turkiyedeebeveynlik.sabanciuniv.edu\/index.php?rest_route=\/wp\/v2\/pages\/203"}],"collection":[{"href":"https:\/\/turkiyedeebeveynlik.sabanciuniv.edu\/index.php?rest_route=\/wp\/v2\/pages"}],"about":[{"href":"https:\/\/turkiyedeebeveynlik.sabanciuniv.edu\/index.php?rest_route=\/wp\/v2\/types\/page"}],"author":[{"embeddable":true,"href":"https:\/\/turkiyedeebeveynlik.sabanciuniv.edu\/index.php?rest_route=\/wp\/v2\/users\/1"}],"replies":[{"embeddable":true,"href":"https:\/\/turkiyedeebeveynlik.sabanciuniv.edu\/index.php?rest_route=%2Fwp%2Fv2%2Fcomments&post=203"}],"version-history":[{"count":7,"href":"https:\/\/turkiyedeebeveynlik.sabanciuniv.edu\/index.php?rest_route=\/wp\/v2\/pages\/203\/revisions"}],"predecessor-version":[{"id":716,"href":"https:\/\/turkiyedeebeveynlik.sabanciuniv.edu\/index.php?rest_route=\/wp\/v2\/pages\/203\/revisions\/716"}],"wp:featuredmedia":[{"embeddable":true,"href":"https:\/\/turkiyedeebeveynlik.sabanciuniv.edu\/index.php?rest_route=\/wp\/v2\/media\/565"}],"wp:attachment":[{"href":"https:\/\/turkiyedeebeveynlik.sabanciuniv.edu\/index.php?rest_route=%2Fwp%2Fv2%2Fmedia&parent=203"}],"wp:term":[{"taxonomy":"category","embeddable":true,"href":"https:\/\/turkiyedeebeveynlik.sabanciuniv.edu\/index.php?rest_route=%2Fwp%2Fv2%2Fcategories&post=203"},{"taxonomy":"post_tag","embeddable":true,"href":"https:\/\/turkiyedeebeveynlik.sabanciuniv.edu\/index.php?rest_route=%2Fwp%2Fv2%2Ftags&post=203"}],"curies":[{"name":"wp","href":"https:\/\/api.w.org\/{rel}","templated":true}]}}