{"id":162,"date":"2021-03-24T22:36:33","date_gmt":"2021-03-24T19:36:33","guid":{"rendered":"http:\/\/localhost\/?page_id=162"},"modified":"2021-05-10T00:01:12","modified_gmt":"2021-05-09T21:01:12","slug":"ekibimiz","status":"publish","type":"page","link":"https:\/\/turkiyedeebeveynlik.sabanciuniv.edu\/?page_id=162","title":{"rendered":"Proje Y\u00fcr\u00fct\u00fcc\u00fcleri"},"content":{"rendered":"\n<div class=\"wp-block-columns\">\n<div class=\"wp-block-column is-vertically-aligned-top\" style=\"flex-basis:33.33%\">\n<div class=\"wp-block-image is-style-box-shadow\"><figure class=\"aligncenter size-large is-resized\"><img loading=\"lazy\" src=\"https:\/\/turkiyedeebeveynlik.sabanciuniv.edu\/wp-content\/uploads\/2021\/04\/Nebi-Sumer-foto-edited-rotated.jpg\" alt=\"\" class=\"wp-image-500\" width=\"261\" height=\"261\" srcset=\"https:\/\/turkiyedeebeveynlik.sabanciuniv.edu\/wp-content\/uploads\/2021\/04\/Nebi-Sumer-foto-edited-rotated.jpg 639w, https:\/\/turkiyedeebeveynlik.sabanciuniv.edu\/wp-content\/uploads\/2021\/04\/Nebi-Sumer-foto-edited-300x300.jpg 300w, https:\/\/turkiyedeebeveynlik.sabanciuniv.edu\/wp-content\/uploads\/2021\/04\/Nebi-Sumer-foto-edited-150x150.jpg 150w, https:\/\/turkiyedeebeveynlik.sabanciuniv.edu\/wp-content\/uploads\/2021\/04\/Nebi-Sumer-foto-edited-60x60.jpg 60w\" sizes=\"(max-width: 261px) 100vw, 261px\" \/><\/figure><\/div>\n<\/div>\n\n\n\n<div class=\"wp-block-column is-vertically-aligned-center\" style=\"flex-basis:66.66%\">\n<h4>Prof. Dr. Nebi S\u00fcmer <\/h4>\n\n\n\n<h6><em>Proje Y\u00f6neticisi<\/em> <em>ve Y\u00fcr\u00fct\u00fcc\u00fcs\u00fc<\/em><\/h6>\n\n\n\n<p class=\"has-normal-font-size\">ODT\u00dc Psikoloji B\u00f6l\u00fcm\u00fc\u2019nde lisans, Hacettepe \u00dcniversitesi\u2019nde Geli\u015fim Psikoloji alan\u0131nda y\u00fcksek lisans ve ABD, Kansas State \u00dcniversitesi\u2019nde sosyal psikoloji alan\u0131nda doktora yapm\u0131\u015ft\u0131r. 2011-2012 Fulbright ara\u015ft\u0131rma deste\u011fi ile ABD Cornell \u00dcniversitesi\u2019nde bulunan Nebi S\u00fcmer, Ankara \u00dcniversitesi ve ODT\u00dc\u2019de g\u00f6rev yapt\u0131ktan sonra 2018 y\u0131l\u0131ndan itibaren Sabanc\u0131 \u00dcniversitesi, Sanat ve Sosyal Bilimler Fak\u00fcltesi\u2019nde \u00e7al\u0131\u015fmaktad\u0131r. Nebi S\u00fcmer\u2019in temel ara\u015ft\u0131rma alanlar\u0131 ya\u015fam boyu ba\u011flanma dinamikleri ve ebeveyn davran\u0131\u015flar\u0131, ula\u015f\u0131m ve trafik psikolojisi, psikolojik \u00f6l\u00e7\u00fcm, i\u015fsizli\u011fin ve i\u015f g\u00fcvencesizli\u011finin etkileri ve psikoloji e\u011fitimi\/\u00f6\u011fretimi konular\u0131n\u0131 kapsamaktad\u0131r. Bu konularda geni\u015f \u00e7apl\u0131 ulusal ve uluslararas\u0131 ara\u015ft\u0131rmalar y\u00fcr\u00fctm\u00fc\u015f ve \u00e7ok say\u0131da bilimsel makale, kitap b\u00f6l\u00fcm\u00fc ve kitap yay\u0131nlam\u0131\u015ft\u0131r. Bilim Akademisi Derne\u011fi \u00fcyesidir. <em>T\u00fcrkiye\u2019de \u00c7ocuk Yeti\u015ftirme Tutumlar\u0131n\u0131n Sosyo-K\u00fclt\u00fcrel ve Psikolojik \u00d6nc\u00fcllerinin ve Sonu\u00e7lar\u0131n\u0131n Ku\u015faklararas\u0131, Ku\u015fak i\u00e7i ve Geli\u015fim D\u00f6nemleri Temelinde \u0130ncelenmesi<\/em> isimli projenin y\u00f6neticili\u011fini ve <em>\u00c7ocuk Yeti\u015ftirme Tutumlar\u0131n\u0131n \u00d6nc\u00fcllerinin Saptanmas\u0131<\/em> (118K050) isimli ana projenin y\u00f6neticili\u011fini yapmaktad\u0131r. <a rel=\"noreferrer noopener\" href=\"http:\/\/www.nebisumer.com\" target=\"_blank\">www.nebisumer.com<\/a><\/p>\n<\/div>\n<\/div>\n\n\n\n<div class=\"wp-block-columns\">\n<div class=\"wp-block-column is-vertically-aligned-top\" style=\"flex-basis:33.33%\">\n<div class=\"wp-block-image is-style-box-shadow\"><figure class=\"aligncenter size-large is-resized\"><img loading=\"lazy\" src=\"https:\/\/turkiyedeebeveynlik.sabanciuniv.edu\/wp-content\/uploads\/2021\/03\/Umut-Bespinar-edited.png\" alt=\"\" class=\"wp-image-476\" width=\"259\" height=\"259\" srcset=\"https:\/\/turkiyedeebeveynlik.sabanciuniv.edu\/wp-content\/uploads\/2021\/03\/Umut-Bespinar-edited.png 106w, https:\/\/turkiyedeebeveynlik.sabanciuniv.edu\/wp-content\/uploads\/2021\/03\/Umut-Bespinar-edited-60x60.png 60w\" sizes=\"(max-width: 259px) 100vw, 259px\" \/><\/figure><\/div>\n<\/div>\n\n\n\n<div class=\"wp-block-column is-vertically-aligned-center\" style=\"flex-basis:66.66%\">\n<h4>Prof. Dr. Fatma Umut Be\u015fp\u0131nar<\/h4>\n\n\n\n<h6><em>Proje Ara\u015ft\u0131rmac\u0131s\u0131<\/em><\/h6>\n\n\n\n<p class=\"has-normal-font-size\">Lisans derecesini sosyoloji alan\u0131nda 1998&#8217;de, y\u00fcksek lisans derecesini 2001&#8217;de Orta Do\u011fu Teknik \u00dcniversitesi\u2019nden alm\u0131\u015ft\u0131r. Doktora \u00e7al\u0131\u015fmalar\u0131n\u0131 yine sosyoloji alan\u0131nda University of Texas at Austin\u2019de 2007 y\u0131l\u0131nda tamamlam\u0131\u015ft\u0131r. Akademik ilgi alanlar\u0131; toplumsal cinsiyet, \u00e7al\u0131\u015fma ve i\u015f sosyolojisi, aile sosyolojisi ve sosyal politikad\u0131r. Orta Do\u011fu Teknik \u00dcniversitesi Sosyoloji B\u00f6l\u00fcm\u00fc ve Toplumsal Cinsiyet ve Kad\u0131n \u00c7al\u0131\u015fmalar\u0131 Ana Bilim Dal\u0131nda akademik \u00e7al\u0131\u015fmalar\u0131na devam etmektedir. <em>\u00c7ocuk Yeti\u015ftirme Tutumlar\u0131n\u0131n \u00d6nc\u00fcllerinin Saptanmas\u0131 <\/em>(118K050) isimli ana projede ara\u015ft\u0131rmac\u0131 olarak g\u00f6rev almaktad\u0131r.<\/p>\n<\/div>\n<\/div>\n\n\n\n<div class=\"wp-block-columns\">\n<div class=\"wp-block-column\">\n<div class=\"wp-block-columns\">\n<div class=\"wp-block-column\" style=\"flex-basis:33.33%\">\n<div class=\"wp-block-image is-style-box-shadow\"><figure class=\"aligncenter size-large is-resized\"><img loading=\"lazy\" src=\"https:\/\/turkiyedeebeveynlik.sabanciuniv.edu\/wp-content\/uploads\/2021\/03\/Kezban-Celik-edited.jpg\" alt=\"\" class=\"wp-image-474\" width=\"258\" height=\"258\" srcset=\"https:\/\/turkiyedeebeveynlik.sabanciuniv.edu\/wp-content\/uploads\/2021\/03\/Kezban-Celik-edited.jpg 154w, https:\/\/turkiyedeebeveynlik.sabanciuniv.edu\/wp-content\/uploads\/2021\/03\/Kezban-Celik-edited-150x150.jpg 150w, https:\/\/turkiyedeebeveynlik.sabanciuniv.edu\/wp-content\/uploads\/2021\/03\/Kezban-Celik-edited-60x60.jpg 60w\" sizes=\"(max-width: 258px) 100vw, 258px\" \/><\/figure><\/div>\n<\/div>\n\n\n\n<div class=\"wp-block-column is-vertically-aligned-center\" style=\"flex-basis:66.66%\">\n<h4>Prof. Dr. Kezban \u00c7elik<\/h4>\n\n\n\n<h6><em>Proje Y\u00fcr\u00fct\u00fcc\u00fcs\u00fc<\/em><\/h6>\n\n\n\n<p class=\"has-normal-font-size\">Lisans derecesini Hacettepe \u00dcniversitesi Sosyal Hizmetler, y\u00fcksek lisans ve doktora derecelerini Orta Do\u011fu Teknik \u00dcniversitesi Sosyoloji B\u00f6l\u00fcm\u00fcnden alm\u0131\u015ft\u0131r. Doktora sonras\u0131 ara\u015ft\u0131rmac\u0131s\u0131 olarak 2011-2012 senelerinde Michigan \u00dcniversitesinde \u00e7al\u0131\u015fmalar\u0131na devam etmi\u015ftir. Samsun Ondokuz May\u0131s \u00dcniversitesi Fen-Edebiyat Fak\u00fcltesi Sosyoloji B\u00f6l\u00fcm\u00fcnde g\u00f6rev yapm\u0131\u015ft\u0131r Toplumsal cinsiyet e\u015fitsizlikleri, g\u00f6\u00e7, toplumsal s\u0131n\u0131f\/stat\u00fc ve toplumsal hareketlili\u011fin \u00f6l\u00e7\u00fclmesi akademik ilgi alanlar\u0131 aras\u0131ndad\u0131r. Farkl\u0131 gen\u00e7lik gruplar\u0131, i\u015f piyasas\u0131na kat\u0131l\u0131m bi\u00e7imleri ve \u00f6zellikle kay\u0131ts\u0131z sekt\u00f6rde \u00e7al\u0131\u015fma konular\u0131nda sosyolojik \u00e7al\u0131\u015fmalar y\u00fcr\u00fctmektedir. Prof. Dr. Kezban \u00c7elik TED \u00dcniversitesinde Fen-Edebiyat Fak\u00fcltesi Sosyoloji B\u00f6l\u00fcm\u00fc Ba\u015fkan\u0131 olarak g\u00f6rev yapmakta ve akademik \u00e7al\u0131\u015fmalar\u0131na devam etmektedir. <em>A<em>nne-Babal\u0131\u011fa Ge\u00e7i\u015f S\u00fcreci ve Bunun 0-2 Ya\u015f Bebeklerdeki Bak\u0131ma ve Bebeklerin Geli\u015fimine Etkisi<\/em> (118K032) isimli projenin y\u00fcr\u00fct\u00fcc\u00fcl\u00fc\u011f\u00fcn\u00fc yapmaktad\u0131r.<\/em><\/p>\n<\/div>\n<\/div>\n<\/div>\n<\/div>\n\n\n\n<div class=\"wp-block-columns\">\n<div class=\"wp-block-column is-vertically-aligned-top\" style=\"flex-basis:33.33%\">\n<div class=\"wp-block-image is-style-box-shadow\"><figure class=\"aligncenter size-large is-resized\"><img loading=\"lazy\" src=\"https:\/\/turkiyedeebeveynlik.sabanciuniv.edu\/wp-content\/uploads\/2021\/05\/Serra-Mu\u0308derrisog\u0306lu-edited.png\" alt=\"\" class=\"wp-image-674\" width=\"260\" height=\"260\" srcset=\"https:\/\/turkiyedeebeveynlik.sabanciuniv.edu\/wp-content\/uploads\/2021\/05\/Serra-Mu\u0308derrisog\u0306lu-edited.png 420w, https:\/\/turkiyedeebeveynlik.sabanciuniv.edu\/wp-content\/uploads\/2021\/05\/Serra-Mu\u0308derrisog\u0306lu-edited-300x300.png 300w, https:\/\/turkiyedeebeveynlik.sabanciuniv.edu\/wp-content\/uploads\/2021\/05\/Serra-Mu\u0308derrisog\u0306lu-edited-150x150.png 150w, https:\/\/turkiyedeebeveynlik.sabanciuniv.edu\/wp-content\/uploads\/2021\/05\/Serra-Mu\u0308derrisog\u0306lu-edited-60x60.png 60w\" sizes=\"(max-width: 260px) 100vw, 260px\" \/><\/figure><\/div>\n<\/div>\n\n\n\n<div class=\"wp-block-column is-vertically-aligned-center\" style=\"flex-basis:66.66%\">\n<h4>Do\u00e7. Dr. Serra M\u00fcderriso\u011flu<\/h4>\n\n\n\n<h6><em>Proje Ara\u015ft\u0131rmac\u0131s\u0131<\/em><\/h6>\n\n\n\n<p class=\"has-normal-font-size\">Doktora derecesini, 1999 y\u0131l\u0131nda, Boston Universitesi\u2019nden alm\u0131\u015ft\u0131r. Halen, Bo\u011fazi\u00e7i \u00dcniversitesi Psikoloji B\u00f6l\u00fcm\u00fc\u2019nde \u00f6\u011fretim \u00fcyesidir. \u0130lgilendi\u011fi temel ara\u015ft\u0131rma konular\u0131, dan\u0131\u015fmanl\u0131\u011f\u0131n risk \u00e7a\u011f\u0131ndaki gen\u00e7lerin psiko-sosyal geli\u015fimine etkisi, psikopatoloji ve psikoterapideki k\u00fclt\u00fcrleraras\u0131 fakt\u00f6rler ve psikon\u00f6roimmunolojidir. \u00c7ocuk yoksullu\u011fu ve klinik psikoloji alan\u0131nda da ara\u015ft\u0131rma makaleleri ve konferans tebli\u011fleri bulunmaktad\u0131r. A<em>nne-Babal\u0131\u011fa Ge\u00e7i\u015f S\u00fcreci ve Bunun 0-2 Ya\u015f Bebeklerdeki Bak\u0131ma ve Bebeklerin Geli\u015fimine Etkisi<\/em> (118K032) isimli projenin y\u00fcr\u00fct\u00fcc\u00fcl\u00fc\u011f\u00fcn\u00fc yapmaktad\u0131r.<\/p>\n<\/div>\n<\/div>\n\n\n\n<div class=\"wp-block-columns\">\n<div class=\"wp-block-column is-vertically-aligned-top\" style=\"flex-basis:33.33%\">\n<div class=\"wp-block-image is-style-box-shadow\"><figure class=\"aligncenter size-large is-resized\"><img loading=\"lazy\" src=\"https:\/\/turkiyedeebeveynlik.sabanciuniv.edu\/wp-content\/uploads\/2021\/03\/Feyza-Corapci_Photo-edited.jpg\" alt=\"\" class=\"wp-image-475\" width=\"263\" height=\"263\" srcset=\"https:\/\/turkiyedeebeveynlik.sabanciuniv.edu\/wp-content\/uploads\/2021\/03\/Feyza-Corapci_Photo-edited.jpg 1122w, https:\/\/turkiyedeebeveynlik.sabanciuniv.edu\/wp-content\/uploads\/2021\/03\/Feyza-Corapci_Photo-edited-300x300.jpg 300w, https:\/\/turkiyedeebeveynlik.sabanciuniv.edu\/wp-content\/uploads\/2021\/03\/Feyza-Corapci_Photo-edited-1022x1024.jpg 1022w, https:\/\/turkiyedeebeveynlik.sabanciuniv.edu\/wp-content\/uploads\/2021\/03\/Feyza-Corapci_Photo-edited-150x150.jpg 150w, https:\/\/turkiyedeebeveynlik.sabanciuniv.edu\/wp-content\/uploads\/2021\/03\/Feyza-Corapci_Photo-edited-768x769.jpg 768w, https:\/\/turkiyedeebeveynlik.sabanciuniv.edu\/wp-content\/uploads\/2021\/03\/Feyza-Corapci_Photo-edited-60x60.jpg 60w\" sizes=\"(max-width: 263px) 100vw, 263px\" \/><\/figure><\/div>\n<\/div>\n\n\n\n<div class=\"wp-block-column is-vertically-aligned-center\" style=\"flex-basis:66.66%\">\n<h4>Prof. Dr. Feyza \u00c7orap\u00e7\u0131<\/h4>\n\n\n\n<h6><em>Proje Y\u00fcr\u00fct\u00fcc\u00fcs\u00fc<\/em><\/h6>\n\n\n\n<p class=\"has-normal-font-size\">Psikoloji alan\u0131ndaki lisans derecesini Bo\u011fazi\u00e7i \u00dcniversitesi&#8217;nden, klinik psikoloji alan\u0131ndaki y\u00fcksek lisans ve doktora derecelerini A.B.D.\u2019deki Purdue \u00dcniversitesi&#8217;nden alm\u0131\u015ft\u0131r. Michigan \u00dcnversitesinde doktora sonras\u0131 ara\u015ft\u0131rmac\u0131 olarak \u00e7ocuk yoksullu\u011fu \u00fczerine \u00e7al\u0131\u015fmalar y\u00fcr\u00fctm\u00fc\u015ft\u00fcr. Feyza \u00c7orap\u00e7\u0131\u2019n\u0131n ara\u015ft\u0131rma alanlar\u0131 aras\u0131nda \u00e7ocuk yeti\u015ftirme tutumlar\u0131, \u00e7ocuk yoksullu\u011fu, risk alt\u0131ndaki aileler i\u00e7in \u00f6nleyici m\u00fcdahaleler ve sanat\u0131n \u00e7ocuk geli\u015fimi \u00fczerindeki rol\u00fc bulunmaktad\u0131r. \u00c7ocuklar\u0131n k\u00fclt\u00fcr- sanat etkinliklerine eri\u015fim ve kat\u0131l\u0131mlar\u0131n\u0131 artt\u0131rmay\u0131 ama\u00e7layan \u0130stanbul K\u00fclt\u00fcr Sanat Vakf\u0131 (\u0130KSV) Alt Kat: \u00d6\u011frenme ve Etkile\u015fim Alan\u0131 projelerine ve Sabanc\u0131 Vakf\u0131n\u0131n yay\u0131nlad\u0131\u011f\u0131 \u00e7ocuk kitaplar\u0131na dan\u0131\u015fmanl\u0131k yapmaktad\u0131r. <em>Erken \u00c7ocukluk ve Ergenlik D\u00f6neminde Olumlu Geli\u015fim G\u00f6stergeleri \u00dczerinde Rol Oynayan \u00c7ocuk Yeti\u015ftirme Tutum ve Davran\u0131\u015flar\u0131<\/em> (118K031) isimli alt projede ara\u015ft\u0131rmac\u0131 olarak g\u00f6rev almaktad\u0131r.<\/p>\n<\/div>\n<\/div>\n\n\n\n<div class=\"wp-block-columns\">\n<div class=\"wp-block-column\" style=\"flex-basis:33.33%\">\n<div class=\"wp-block-image is-style-box-shadow\"><figure class=\"aligncenter size-large is-resized\"><img loading=\"lazy\" src=\"https:\/\/turkiyedeebeveynlik.sabanciuniv.edu\/wp-content\/uploads\/2021\/04\/Melis-Yavuz-Muren-edited.jpg\" alt=\"\" class=\"wp-image-498\" width=\"260\" height=\"260\" srcset=\"https:\/\/turkiyedeebeveynlik.sabanciuniv.edu\/wp-content\/uploads\/2021\/04\/Melis-Yavuz-Muren-edited.jpg 1638w, https:\/\/turkiyedeebeveynlik.sabanciuniv.edu\/wp-content\/uploads\/2021\/04\/Melis-Yavuz-Muren-edited-300x300.jpg 300w, https:\/\/turkiyedeebeveynlik.sabanciuniv.edu\/wp-content\/uploads\/2021\/04\/Melis-Yavuz-Muren-edited-1024x1024.jpg 1024w, https:\/\/turkiyedeebeveynlik.sabanciuniv.edu\/wp-content\/uploads\/2021\/04\/Melis-Yavuz-Muren-edited-150x150.jpg 150w, https:\/\/turkiyedeebeveynlik.sabanciuniv.edu\/wp-content\/uploads\/2021\/04\/Melis-Yavuz-Muren-edited-768x768.jpg 768w, https:\/\/turkiyedeebeveynlik.sabanciuniv.edu\/wp-content\/uploads\/2021\/04\/Melis-Yavuz-Muren-edited-1536x1536.jpg 1536w, https:\/\/turkiyedeebeveynlik.sabanciuniv.edu\/wp-content\/uploads\/2021\/04\/Melis-Yavuz-Muren-edited-60x60.jpg 60w\" sizes=\"(max-width: 260px) 100vw, 260px\" \/><\/figure><\/div>\n<\/div>\n\n\n\n<div class=\"wp-block-column is-vertically-aligned-center\" style=\"flex-basis:66.66%\">\n<h4>Dr. \u00d6\u011fr. \u00dcyesi Melis Yavuz-M\u00fcren<\/h4>\n\n\n\n<h6><em>Proje Ara\u015ft\u0131rmac\u0131s\u0131<\/em><\/h6>\n\n\n\n<p class=\"has-normal-font-size\">Ko\u00e7 \u00dcniversitesi Psikoloji B\u00f6l\u00fcm\u00fc\u2019nde lisans e\u011fitimini tamamlam\u0131\u015f, daha sonra yine Ko\u00e7 \u00dcniversitesi\u2019nde Geli\u015fim Psikolojisi alan\u0131nda y\u00fcksek lisans ve doktora derecelerini alm\u0131\u015ft\u0131r. Doktora e\u011fitiminin bir senesini Leiden \u00dcniversitesi\u2019nde ge\u00e7irmi\u015ftir. Ara\u015ft\u0131rma alanlar\u0131, \u00e7ocukluk \u00e7a\u011f\u0131ndaki sosyo-duygusal geli\u015fim, ebeveynlik ve \u00e7ocuk mizac\u0131 \u00fczerinedir. MEF \u00dcniversitesi Psikoloji b\u00f6l\u00fcm\u00fcnde Dr. \u00d6\u011fretim \u00dcyesi olarak g\u00f6rev almaktad\u0131r. Ayr\u0131ca 2020 y\u0131l\u0131ndan itibaren University of Toronto\u2019da doktora sonras\u0131 ara\u015ft\u0131rmac\u0131 olarak \u00e7al\u0131\u015fmaktad\u0131r.&nbsp;<em><em>Erken \u00c7ocukluk ve Ergenlik D\u00f6neminde Olumlu Geli\u015fim G\u00f6stergeleri \u00dczerinde Rol Oynayan \u00c7ocuk Yeti\u015ftirme Tutum ve Davran\u0131\u015flar\u0131<\/em> (118K031) isimli alt projede ara\u015ft\u0131rmac\u0131 olarak g\u00f6rev almaktad\u0131r.<\/em><\/p>\n<\/div>\n<\/div>\n\n\n\n<div class=\"wp-block-columns\">\n<div class=\"wp-block-column is-vertically-aligned-top\" style=\"flex-basis:33.33%\">\n<div class=\"wp-block-image is-style-box-shadow\"><figure class=\"aligncenter size-large is-resized\"><img loading=\"lazy\" src=\"https:\/\/turkiyedeebeveynlik.sabanciuniv.edu\/wp-content\/uploads\/2021\/04\/zeynep-cemalcilar-edited.jpg\" alt=\"\" class=\"wp-image-502\" width=\"261\" height=\"261\" srcset=\"https:\/\/turkiyedeebeveynlik.sabanciuniv.edu\/wp-content\/uploads\/2021\/04\/zeynep-cemalcilar-edited.jpg 467w, https:\/\/turkiyedeebeveynlik.sabanciuniv.edu\/wp-content\/uploads\/2021\/04\/zeynep-cemalcilar-edited-300x300.jpg 300w, https:\/\/turkiyedeebeveynlik.sabanciuniv.edu\/wp-content\/uploads\/2021\/04\/zeynep-cemalcilar-edited-150x150.jpg 150w, https:\/\/turkiyedeebeveynlik.sabanciuniv.edu\/wp-content\/uploads\/2021\/04\/zeynep-cemalcilar-edited-60x60.jpg 60w\" sizes=\"(max-width: 261px) 100vw, 261px\" \/><\/figure><\/div>\n<\/div>\n\n\n\n<div class=\"wp-block-column is-vertically-aligned-center\" style=\"flex-basis:66.66%\">\n<h4>Prof. Dr. Zeynep Cemalc\u0131lar <\/h4>\n\n\n\n<h6><em>Proje Y\u00fcr\u00fct\u00fcc\u00fcs\u00fc<\/em><\/h6>\n\n\n\n<p class=\"has-normal-font-size\">Psikoloji derecesini Bo\u011fazi\u00e7i \u00dcniversitesi\u2019nden, Doktoras\u0131n\u0131 ise 2003 y\u0131l\u0131nda University of Texas at Austin\u2019den alm\u0131\u015ft\u0131r. \u00d6zellikle sosyal psikolojinin gen\u00e7lik, e\u011fitim ve sosyal medya \u00fczerine uygulamalar\u0131 ile ilgili alanlarda \u00e7al\u0131\u015fmaktad\u0131r. 2004 y\u0131l\u0131ndan beri Ko\u00e7 \u00dcniversitesi Psikoloji B\u00f6l\u00fcm\u00fc\u2019nde \u00e7al\u0131\u015fmaktad\u0131r. <em>\u00d6z-yeterli\u011fi Y\u00fcksek, Yetkin ve Mutlu Gen\u00e7ler Yeti\u015ftirmede Ailenin Rol\u00fc <\/em>(119K030) isimli projenin y\u00fcr\u00fct\u00fcc\u00fcl\u00fc\u011f\u00fcn\u00fc yapmaktad\u0131r.<\/p>\n<\/div>\n<\/div>\n\n\n\n<div class=\"wp-block-columns\">\n<div class=\"wp-block-column is-vertically-aligned-top\" style=\"flex-basis:33.33%\">\n<div class=\"wp-block-image is-style-box-shadow\"><figure class=\"aligncenter size-large is-resized\"><img loading=\"lazy\" src=\"https:\/\/turkiyedeebeveynlik.sabanciuniv.edu\/wp-content\/uploads\/2021\/04\/fatos-goksen-edited.jpg\" alt=\"\" class=\"wp-image-504\" width=\"261\" height=\"261\" srcset=\"https:\/\/turkiyedeebeveynlik.sabanciuniv.edu\/wp-content\/uploads\/2021\/04\/fatos-goksen-edited.jpg 718w, https:\/\/turkiyedeebeveynlik.sabanciuniv.edu\/wp-content\/uploads\/2021\/04\/fatos-goksen-edited-300x300.jpg 300w, https:\/\/turkiyedeebeveynlik.sabanciuniv.edu\/wp-content\/uploads\/2021\/04\/fatos-goksen-edited-150x150.jpg 150w, https:\/\/turkiyedeebeveynlik.sabanciuniv.edu\/wp-content\/uploads\/2021\/04\/fatos-goksen-edited-60x60.jpg 60w\" sizes=\"(max-width: 261px) 100vw, 261px\" \/><\/figure><\/div>\n<\/div>\n\n\n\n<div class=\"wp-block-column is-vertically-aligned-center\" style=\"flex-basis:66.66%\">\n<h4>Prof. Dr. Fato\u015f G\u00f6k\u015fen<\/h4>\n\n\n\n<h6><em>Proje Ara\u015ft\u0131rmac\u0131s\u0131<\/em><\/h6>\n\n\n\n<p class=\"has-normal-font-size\">Siyaset Bilimi ve Psikoloji lisans dereceleriyle Sosyal Psikoloji y\u00fcksek lisans derecesini Bo\u011fazi\u00e7i \u00dcniversitesi&#8217;nden ald\u0131ktan sonra \u0130leti\u015fim alan\u0131nda doktoras\u0131n\u0131 Pennsylvania \u00dcniversitesi&#8217;nden alm\u0131\u015ft\u0131r. 1996 y\u0131l\u0131ndan beri Ko\u00e7 \u00dcniversitesi Sosyoloji B\u00f6l\u00fcm\u00fc&#8217;nde \u00e7al\u0131\u015fmaktad\u0131r. \u00c7al\u0131\u015fmalar\u0131n\u0131n oda\u011f\u0131nda e\u011fitim sosyolojisi, sosyal politika, gen\u00e7lik \u00e7al\u0131\u015fmalar\u0131 ve toplumsal cinsiyet ve e\u011fitim bulunmaktad\u0131r. <em>\u00d6z-yeterli\u011fi Y\u00fcksek, Yetkin ve Mutlu Gen\u00e7ler Yeti\u015ftirmede Ailenin Rol\u00fc <\/em>(119K030) isimli projede ara\u015ft\u0131rmac\u0131 olarak g\u00f6rev almaktad\u0131r.<\/p>\n<\/div>\n<\/div>\n","protected":false},"excerpt":{"rendered":"<p>Ara\u015ft\u0131rmalarda g\u00f6rev alan proje y\u00fcr\u00fct\u00fcc\u00fclerinin ve ara\u015ft\u0131rmac\u0131lar\u0131n\u0131n isimlerini bu sayfada g\u00f6rebilirsiniz.<\/p>\n","protected":false},"author":1,"featured_media":544,"parent":0,"menu_order":0,"comment_status":"closed","ping_status":"closed","template":"","meta":[],"categories":[20],"tags":[12],"_links":{"self":[{"href":"https:\/\/turkiyedeebeveynlik.sabanciuniv.edu\/index.php?rest_route=\/wp\/v2\/pages\/162"}],"collection":[{"href":"https:\/\/turkiyedeebeveynlik.sabanciuniv.edu\/index.php?rest_route=\/wp\/v2\/pages"}],"about":[{"href":"https:\/\/turkiyedeebeveynlik.sabanciuniv.edu\/index.php?rest_route=\/wp\/v2\/types\/page"}],"author":[{"embeddable":true,"href":"https:\/\/turkiyedeebeveynlik.sabanciuniv.edu\/index.php?rest_route=\/wp\/v2\/users\/1"}],"replies":[{"embeddable":true,"href":"https:\/\/turkiyedeebeveynlik.sabanciuniv.edu\/index.php?rest_route=%2Fwp%2Fv2%2Fcomments&post=162"}],"version-history":[{"count":30,"href":"https:\/\/turkiyedeebeveynlik.sabanciuniv.edu\/index.php?rest_route=\/wp\/v2\/pages\/162\/revisions"}],"predecessor-version":[{"id":875,"href":"https:\/\/turkiyedeebeveynlik.sabanciuniv.edu\/index.php?rest_route=\/wp\/v2\/pages\/162\/revisions\/875"}],"wp:featuredmedia":[{"embeddable":true,"href":"https:\/\/turkiyedeebeveynlik.sabanciuniv.edu\/index.php?rest_route=\/wp\/v2\/media\/544"}],"wp:attachment":[{"href":"https:\/\/turkiyedeebeveynlik.sabanciuniv.edu\/index.php?rest_route=%2Fwp%2Fv2%2Fmedia&parent=162"}],"wp:term":[{"taxonomy":"category","embeddable":true,"href":"https:\/\/turkiyedeebeveynlik.sabanciuniv.edu\/index.php?rest_route=%2Fwp%2Fv2%2Fcategories&post=162"},{"taxonomy":"post_tag","embeddable":true,"href":"https:\/\/turkiyedeebeveynlik.sabanciuniv.edu\/index.php?rest_route=%2Fwp%2Fv2%2Ftags&post=162"}],"curies":[{"name":"wp","href":"https:\/\/api.w.org\/{rel}","templated":true}]}}